{"id":5630,"date":"2024-02-21T12:30:32","date_gmt":"2024-02-21T12:30:32","guid":{"rendered":"https:\/\/ww2.sanatlarandevu.com\/?page_id=5630"},"modified":"2024-02-21T12:34:51","modified_gmt":"2024-02-21T12:34:51","slug":"aydinlatma-metni","status":"publish","type":"page","link":"https:\/\/www.sanatlarandevu.com\/?page_id=5630","title":{"rendered":"Ayd\u0131nlatma Metni"},"content":{"rendered":"<p><strong>I. Veri Sorumlusu<\/strong><\/p>\n<p><strong>Sanatla Randevu<\/strong> olarak 6698 say\u0131l\u0131 Ki\u015fisel Verilerin Korunmas\u0131 Kanununda tan\u0131ml\u0131 veri sorumlusu s\u0131fat\u0131yla ger\u00e7ekle\u015ftirdi\u011fimiz ki\u015fisel veri i\u015fleme faaliyetleri hakk\u0131nda m\u00fc\u015fterilerimizin ve web site ziyaret\u00e7ilerimizin i\u015fbu Ayd\u0131nlatma Metni ile ayd\u0131nlat\u0131lmas\u0131 ve bilgilendirilmesi ama\u00e7lanm\u0131\u015ft\u0131r.<\/p>\n<p>&nbsp;<\/p>\n<p><strong>II. Ki\u015fisel Verilerinizin \u0130\u015flenme Amac\u0131 ve Hukuki Sebebi<\/strong><\/p>\n<ol>\n<li><strong> Web Sitemize \u00fcye olmayan ziyaret\u00e7i<\/strong><\/li>\n<\/ol>\n<p>Web sitemize kay\u0131t olmad\u0131\u011f\u0131n\u0131z veya ba\u015fka bir \u015fekilde bize ki\u015fisel veri iletmedi\u011finiz takdirde, yaln\u0131zca taray\u0131c\u0131n\u0131z\u0131n sunucumuza aktard\u0131\u011f\u0131 ki\u015fisel verileriniz toplan\u0131r, yani web sitesi sa\u011flay\u0131c\u0131s\u0131, taray\u0131c\u0131n\u0131z\u0131n otomatik olarak bize iletti\u011fi \u2018sunucu g\u00fcnl\u00fck dosyalar\u0131nda\u2019 a\u015fa\u011f\u0131da belirtilen bilgileri toplar ve depolar:<\/p>\n<ul>\n<li>IP adresi<\/li>\n<li>Tarih ve saat<\/li>\n<li>GMT\u2019ye g\u00f6re saat dilimi fark\u0131<\/li>\n<li>Talebin i\u00e7eri\u011fi (a\u00e7\u0131lan sayfalar)<\/li>\n<li>Eri\u015fim durumu \/ HTTP durum kodu<\/li>\n<li>Aktar\u0131lan veri miktar\u0131<\/li>\n<li>Talebin geldi\u011fi web sitesi<\/li>\n<li>Taray\u0131c\u0131<\/li>\n<li>\u0130\u015fletim sistemi ve aray\u00fcz\u00fc<\/li>\n<li>Taray\u0131c\u0131 yaz\u0131l\u0131m\u0131n\u0131n dili ve s\u00fcr\u00fcm\u00fc<\/li>\n<\/ul>\n<p>Bahsedilen veriler, web sitemizin rahat kullan\u0131m\u0131n\u0131 sa\u011flamak, sistem g\u00fcvenli\u011fini ve istikrar\u0131n\u0131 de\u011ferlendirmek ve web sitesine sorunsuz bir ba\u011flant\u0131 kurmak amac\u0131yla 6698 say\u0131l\u0131 Ki\u015fisel Verilerin Korunmas\u0131 Kanunu madde 5\/2 f bendinde d\u00fczenlenen \u201cme\u015fru menfaat\u201d ve Kanunu madde 5\/2 \u00e7 bendinde d\u00fczenlenen \u201cVeri sorumlusunun hukuki y\u00fck\u00fcml\u00fcl\u00fc\u011f\u00fcn\u00fc yerine getirebilmesi\u201d hukuki sebepleri ile i\u015flenmektedir.<\/p>\n<p>&nbsp;<\/p>\n<ol start=\"2\">\n<li><strong> \u0130leti\u015fim Formu veya e-posta suretiyle bizimle ileti\u015fim kuran ziyaret\u00e7i<\/strong><\/li>\n<\/ol>\n<p>Bizimle e-posta yoluyla veya ileti\u015fim formu kullanarak ileti\u015fime ge\u00e7ti\u011finiz takdirde (yukar\u0131da madde 1\u2019de belirtmi\u015f oldu\u011fumuz verilere ek olarak) bizimle payla\u015ft\u0131\u011f\u0131n\u0131z ki\u015fisel veriler, \u00f6rne\u011fin ad\u0131n\u0131z-soyad\u0131n\u0131z, adresiniz, e-posta adresiniz, sorular\u0131n\u0131z\u0131 yan\u0131tlamak i\u00e7in taraf\u0131m\u0131zca kaydedilecektir.<\/p>\n<p>Bu durumda ki\u015fisel verileriniz 6698 say\u0131l\u0131 Ki\u015fisel Verilerin Korunmas\u0131 Kanunu madde 5\/2 f bendinde d\u00fczenlenen \u201cme\u015fru menfaat\u201d veya madde 5\/2 c bendinde d\u00fczenlenen \u201cBir s\u00f6zle\u015fmenin kurulmas\u0131 veya ifas\u0131yla do\u011frudan do\u011fruya ilgili olmas\u0131\u201d hukuki sebepleri ile i\u015flenecektir.<\/p>\n<p>&nbsp;<\/p>\n<ol start=\"3\">\n<li><strong> Kay\u0131t Formu suretiyle web Sitemize \u00fcye olan ziyaret\u00e7i<\/strong><\/li>\n<\/ol>\n<p>Web sitesine kay\u0131tl\u0131 kullan\u0131c\u0131s\u0131 olmak amac\u0131yla bir kullan\u0131c\u0131 hesab\u0131 a\u00e7man\u0131z durumunda (yukar\u0131da madde 1\u2019de belirtmi\u015f oldu\u011fumuz verilere ek olarak) bu kapsamda bizimle payla\u015ft\u0131\u011f\u0131n\u0131z zorunlu ve ihtiyari ki\u015fisel verileriniz, \u00f6rne\u011fin e-posta adresi, \u015fifre, y\u00fcklenen foto\u011fraflar ve benzeri, taraf\u0131m\u0131zdan kaydedilecektir.<\/p>\n<p>Bu durumda ki\u015fisel verileriniz 6698 say\u0131l\u0131 Ki\u015fisel Verilerin Korunmas\u0131 Kanunu madde madde 5\/2 f bendinde d\u00fczenlenen \u201cme\u015fru menfaat\u201d veya Kanunu madde 5\/2 \u00e7 bendinde d\u00fczenlenen \u201cVeri sorumlusunun hukuki y\u00fck\u00fcml\u00fcl\u00fc\u011f\u00fcn\u00fc yerine getirebilmesi\u201d veya madde 5\/2 c bendinde d\u00fczenlenen \u201cBir s\u00f6zle\u015fmenin kurulmas\u0131 veya ifas\u0131yla do\u011frudan do\u011fruya ilgili olmas\u0131\u201d hukuki sebepleri ile i\u015flenecektir.<\/p>\n<ol start=\"4\">\n<li><strong> Sipari\u015f ger\u00e7ekle\u015ftiren M\u00fc\u015fterilerimiz<\/strong><\/li>\n<\/ol>\n<p>Web sitesi arac\u0131l\u0131\u011f\u0131 ile sipari\u015f vermeniz durumunda (yukar\u0131da madde 1\u2019de belirtmi\u015f oldu\u011fumuz verilere ek olarak) bu kapsamda bizimle payla\u015ft\u0131\u011f\u0131n\u0131z zorunlu ve ihtiyari ki\u015fisel verileriniz, \u00f6rne\u011fin e-posta adresi, \u015fifre, Mesafeli Sat\u0131\u015f S\u00f6zle\u015fmesi i\u00e7eri\u011finde bulunan ki\u015fisel verileriniz, taraf\u0131m\u0131zdan kaydedilecektir.<\/p>\n<p>Bu durumda ki\u015fisel verileriniz 6698 say\u0131l\u0131 Ki\u015fisel Verilerin Korunmas\u0131 Kanunu madde madde 5\/2 c bendinde d\u00fczenlenen \u201cBir s\u00f6zle\u015fmenin kurulmas\u0131 veya ifas\u0131yla do\u011frudan do\u011fruya ilgili olmas\u0131\u201d hukuki sebepleri ile i\u015flenecektir.<\/p>\n<ol start=\"5\">\n<li><strong> \u00c7erez kullan\u0131m\u0131 ile ilgili ayr\u0131nt\u0131l\u0131 bilgi i\u00e7in \u201c\u00c7erez Politika\u201dm\u0131za yandaki ba\u011flant\u0131dan ula\u015fabilirsiniz: <\/strong>\u00c7erez Politikas\u0131<\/li>\n<\/ol>\n<p>&nbsp;<\/p>\n<p><strong>III. Ki\u015fisel Verilerin Aktar\u0131lmas\u0131<\/strong><\/p>\n<p>Ki\u015fisel verileriniz\u00a0 <strong>Sanatla Randevu<\/strong> taraf\u0131ndan ticari faaliyetlerin ger\u00e7ekle\u015ftirilmesi ve sunulan \u00fcr\u00fcn ve hizmetlerden ilgili ki\u015fileri faydaland\u0131rmak i\u00e7in gerekli \u00e7al\u0131\u015fmalar\u0131n yap\u0131lmas\u0131 ve ilgili i\u015f s\u00fcre\u00e7lerinin y\u00fcr\u00fct\u00fclmesi, hukuki, teknik ve ticari i\u015f g\u00fcvenli\u011finin temini i\u00e7in gerekli olan aktivitelerin planlanmas\u0131 ve icras\u0131 dahil olmak \u00fczere KVK Kanun\u2019un 8. ve 9. maddelerinde belirtilen ki\u015fisel veri i\u015fleme \u015fartlar\u0131 ve ama\u00e7lar\u0131 \u00e7er\u00e7evesinde belirtilen ama\u00e7 ve hukuki sebepler ile s\u0131n\u0131rl\u0131 olarak ve varsa yasal y\u00fck\u00fcml\u00fcl\u00fckler veya zorunluluklar gere\u011fi bu verileri talep etmeye yetkili olan \u00f6zel kurum, kamu kurum ve kurulu\u015flar\u0131, i\u015f ortaklar\u0131 ve tedarik\u00e7ileri ile, ayr\u0131ca sistem gere\u011fi web sunucusunu kullan\u0131ma a\u00e7an sa\u011flay\u0131c\u0131ya, \u0130leti\u015fim formu arac\u0131l\u0131\u011f\u0131yla bize g\u00f6nderdi\u011finiz veriler, e-posta sunucusu sa\u011flay\u0131c\u0131s\u0131 ile payla\u015f\u0131labilecektir.<\/p>\n<p><strong>\u00a0<\/strong><\/p>\n<p><strong> IV. Ki\u015fisel verilerin toplanmas\u0131 y\u00f6ntemleri<\/strong><\/p>\n<p>Ki\u015fisel verilerinizi mevzuata uygun bir \u015fekilde elektronik ortamlarda sizin bizimle payla\u015ft\u0131\u011f\u0131n\u0131z veya taray\u0131c\u0131n\u0131z\u0131n sunucumuza aktarmas\u0131 yoluyla toplamakta ve i\u015flemektedir.<\/p>\n<p><strong>\u00a0<\/strong><\/p>\n<p><strong>V. Ki\u015fisel verilerin saklanmas\u0131<\/strong><\/p>\n<p>\u015eirketimiz, ki\u015fisel verilere yetkisiz eri\u015fim, if\u015fa veya imha edilmesi gibi her t\u00fcrl\u00fc yetkisiz m\u00fcdahaleye kar\u015f\u0131 verilerin g\u00fcvenli\u011fi i\u00e7in gerekli her t\u00fcrl\u00fc teknik ve idari tedbiri almaktad\u0131r ve gerekli \u00f6zeni g\u00f6stermektedir. Ki\u015fisel verileriniz kural olarak veri i\u015fleme amac\u0131n\u0131 ortadan kalkmas\u0131 ard\u0131ndan ilk periyodik imha i\u015flemi \u00e7er\u00e7evesinde silinecek, imha edilecek veya anonim hale getirilecektir. Ancak kanunlarda bu s\u00fcreyi a\u015fan bir muhafaza s\u00fcresi belirlenmi\u015f olmas\u0131 durumunda ilgili kanun uyar\u0131nca \u00f6ng\u00f6r\u00fclen muhafaza s\u00fcresi bitene kadar ki\u015fisel verileriniz muhafaza edilecektir ve bu s\u00fcrenin tamamlanmas\u0131 ard\u0131nda ilk periyodik imha dahilinde silinecek, imha edilecek veya anonim hale getirilecektir. Bunun \u00f6tesinde ki\u015fisel verileriniz s\u00f6zle\u015fme \u00e7er\u00e7evesinde veya bir hakk\u0131n tesisi, kullan\u0131lmas\u0131 veya korunmas\u0131 i\u00e7in zaruri olmas\u0131 halinde (yasal zamana\u015f\u0131m\u0131 s\u00fcreleri) bu ihtiyac\u0131n ortadan kalmas\u0131 ard\u0131ndan silinecek, imha edilecek veya anonim hale getirilecektir.<\/p>\n<p><strong>\u00a0<\/strong><\/p>\n<p><strong> VI. Ki\u015fisel Verilerinizi \u0130li\u015fkin Haklar\u0131n\u0131z<\/strong><\/p>\n<p>Veri sahibi olarak <strong>Sanatla Randevu<\/strong> \u2018ya ba\u015fvurarak;<\/p>\n<ol>\n<li>Ki\u015fisel verilerinizin i\u015flem i\u015flenmedi\u011fini \u00f6\u011frenme,<\/li>\n<li>Ki\u015fisel verileriniz i\u015flenmi\u015fse buna ili\u015fkin bilgi talep etme,<\/li>\n<li>Ki\u015fisel verilerinizin i\u015fleme amac\u0131n\u0131 ve bunlar\u0131n amac\u0131na uygun kullan\u0131l\u0131p kullan\u0131lmad\u0131\u011f\u0131n\u0131 \u00f6\u011frenme,<\/li>\n<li>Yurt i\u00e7inde veya yurt d\u0131\u015f\u0131nda ki\u015fisel verilerin aktar\u0131ld\u0131\u011f\u0131 \u00fc\u00e7\u00fcnc\u00fc ki\u015fileri bilme,<\/li>\n<li>Ki\u015fisel verilerin eksik veya yanl\u0131\u015f i\u015flenmi\u015f olmas\u0131 h\u00e2linde bunlar\u0131n d\u00fczeltilmesini isteme ve bu kapsamda yap\u0131lan i\u015flemin ki\u015fisel verilerin aktar\u0131ld\u0131\u011f\u0131 \u00fc\u00e7\u00fcnc\u00fc ki\u015filere bildirilmesini isteme,<\/li>\n<li>KVK Kanunu\u2019nun ve ilgili di\u011fer kanun h\u00fck\u00fcmlerine uygun olarak i\u015flenmi\u015f olmas\u0131na ra\u011fmen, i\u015flenmesini gerektiren sebeplerin ortadan kalkmas\u0131 h\u00e2linde ki\u015fisel verilerin silinmesini veya yok edilmesini isteme ve bu kapsamda yap\u0131lan i\u015flemin ki\u015fisel verilerin aktar\u0131ld\u0131\u011f\u0131 \u00fc\u00e7\u00fcnc\u00fc ki\u015filere bildirilmesini isteme,<\/li>\n<li>\u0130\u015flenen verilerin m\u00fcnhas\u0131ran otomatik sistemler vas\u0131tas\u0131yla analiz edilmesi suretiyle ki\u015finin kendisi aleyhine bir sonucun ortaya \u00e7\u0131kmas\u0131na itiraz etme,<\/li>\n<li>Ki\u015fisel verilerin kanuna ayk\u0131r\u0131 olarak i\u015flenmesi sebebiyle zarara u\u011framas\u0131 h\u00e2linde zarar\u0131n giderilmesini talep etme haklar\u0131na sahiptir.<\/li>\n<\/ol>\n<p>Yukar\u0131da say\u0131lan haklar\u0131n\u0131za ili\u015fkin taleplerinizi Veri Sorumlusuna Ba\u015fvuru Usul ve Esaslar\u0131 Hakk\u0131nda Tebli\u011fde \u00f6ng\u00f6r\u00fclen ba\u015fvuru usullerine uygun olarak <strong>Sanatla Randevu<\/strong>\u2019ya iletmeniz durumunda talebinizi niteli\u011fine g\u00f6re en k\u0131sa s\u00fcrede ve en ge\u00e7 30 g\u00fcn i\u00e7inde \u00fccretsiz olarak sonu\u00e7land\u0131r\u0131lacakt\u0131r. Ancak i\u015flemin ayr\u0131ca bir maliyet gerektirmesi halinde ki\u015fisel verileri koruma kurulunca belirlenen tarifedeki \u00fccreti talep edebilecektir.<\/p>\n<p>Ki\u015fisel verilerinizle ilgili olarak yukar\u0131da s\u0131ralanan haklar\u0131n\u0131za y\u00f6nelik talep ba\u015fvurular\u0131n\u0131z\u0131, <a href=\"https:\/\/www.sanatlarandevu.com\/kisisel-veri-sahibi-basvuru-formu\/\">https:\/\/www.sanatlarandevu.com\/kisisel-veri-sahibi-basvuru-formu\/<\/a>\u00a0internet adresinde yer alan \u2018Veri Sahibi Ba\u015fvuru Formu\u2019 nu kullanarak iletebilirsiniz.<\/p>\n<p>&nbsp;<\/p>\n<p><strong>VII. Veri Koruma D\u00fczenlemelerinde De\u011fi\u015fiklik<\/strong><\/p>\n<p>Teknik geli\u015fmeler nedeniyle gerekli hale geldi\u011finde, g\u00fcvenlik ve veri koruma \u00f6nlemlerimizi de\u011fi\u015ftirme hakk\u0131m\u0131z\u0131 sakl\u0131 tutuyoruz. Bu durumlarda, veri koruma konusundaki bilgilerimizi de buna g\u00f6re uyarlayaca\u011f\u0131z. Bu nedenle, l\u00fctfen veri koruma beyan\u0131m\u0131z\u0131n g\u00fcncel versiyonuna dikkat edin.<\/p>\n","protected":false},"excerpt":{"rendered":"<p>I. Veri Sorumlusu Sanatla Randevu olarak 6698 say\u0131l\u0131 Ki\u015fisel Verilerin Korunmas\u0131 Kanununda tan\u0131ml\u0131 veri sorumlusu s\u0131fat\u0131yla ger\u00e7ekle\u015ftirdi\u011fimiz ki\u015fisel veri i\u015fleme faaliyetleri hakk\u0131nda m\u00fc\u015fterilerimizin ve web site ziyaret\u00e7ilerimizin i\u015fbu Ayd\u0131nlatma Metni ile ayd\u0131nlat\u0131lmas\u0131 ve bilgilendirilmesi ama\u00e7lanm\u0131\u015ft\u0131r. &nbsp; II. Ki\u015fisel Verilerinizin \u0130\u015flenme Amac\u0131 ve Hukuki Sebebi Web Sitemize \u00fcye olmayan ziyaret\u00e7i Web sitemize kay\u0131t olmad\u0131\u011f\u0131n\u0131z veya ba\u015fka [&hellip;]<\/p>\n","protected":false},"author":1,"featured_media":0,"parent":0,"menu_order":0,"comment_status":"closed","ping_status":"closed","template":"","meta":{"footnotes":""},"class_list":["post-5630","page","type-page","status-publish","hentry"],"_links":{"self":[{"href":"https:\/\/www.sanatlarandevu.com\/index.php?rest_route=\/wp\/v2\/pages\/5630","targetHints":{"allow":["GET"]}}],"collection":[{"href":"https:\/\/www.sanatlarandevu.com\/index.php?rest_route=\/wp\/v2\/pages"}],"about":[{"href":"https:\/\/www.sanatlarandevu.com\/index.php?rest_route=\/wp\/v2\/types\/page"}],"author":[{"embeddable":true,"href":"https:\/\/www.sanatlarandevu.com\/index.php?rest_route=\/wp\/v2\/users\/1"}],"replies":[{"embeddable":true,"href":"https:\/\/www.sanatlarandevu.com\/index.php?rest_route=%2Fwp%2Fv2%2Fcomments&post=5630"}],"version-history":[{"count":2,"href":"https:\/\/www.sanatlarandevu.com\/index.php?rest_route=\/wp\/v2\/pages\/5630\/revisions"}],"predecessor-version":[{"id":5632,"href":"https:\/\/www.sanatlarandevu.com\/index.php?rest_route=\/wp\/v2\/pages\/5630\/revisions\/5632"}],"wp:attachment":[{"href":"https:\/\/www.sanatlarandevu.com\/index.php?rest_route=%2Fwp%2Fv2%2Fmedia&parent=5630"}],"curies":[{"name":"wp","href":"https:\/\/api.w.org\/{rel}","templated":true}]}}